{"id":2416,"date":"2018-03-13T14:39:34","date_gmt":"2018-03-13T17:39:34","guid":{"rendered":"http:\/\/www.fototallermg.com.ar\/?page_id=2416"},"modified":"2018-03-28T08:38:35","modified_gmt":"2018-03-28T11:38:35","slug":"leandro-mac-garva","status":"publish","type":"page","link":"https:\/\/www.fototallermg.com.ar\/?page_id=2416","title":{"rendered":"Leandro Mac Garva"},"content":{"rendered":"<p><span style=\"font-weight: 400;\">Es un experimentado fot\u00f3grafo que desde 1998 se desempe\u00f1o en distintos \u00e1mbitos. En sus comienzos estudi\u00f3 fotograf\u00eda con Augusto Arturi, tambi\u00e9n realiz\u00f3 cursos de fotoperiodismo en la Universidad de Lomas de Zamora, fotograf\u00eda publicitaria en el Instituto Superior de Arte Fotogr\u00e1fico y particip\u00f3 de los talleres de ensayo fotogr\u00e1fico de Tony Valdez.<\/span><\/p>\n<p><span style=\"font-weight: 400;\">Ha publicado su trabajo en diversos medios a lo largo de su carrera, entre los que se destacan Clar\u00edn, Pagina 12, Ol\u00e9, Cronista Comercial, Diario La Tercera y las revistas Metro y Nuevos Pueblos.<\/span><\/p>\n<p><span style=\"font-weight: 400;\">Desde el a\u00f1o 2013 es miembro activo de ARGRA, Asociaci\u00f3n de Reporteros Gr\u00e1ficos de la Rep\u00fablica Argentina, lo cual le permite seguir creciendo en su vocaci\u00f3n de reportero, aunque tambi\u00e9n ha participado de exposiciones individuales y colectivas en el Centro Cultural El Tel\u00e9grafo y la Municipalidad de Esteban Echeverr\u00eda.<\/span><\/p>\n<p><span style=\"font-weight: 400;\">Hoy es uno de los Coordinadores de Fototaller Monte Grande desde 2010 y sigue realizando\u00a0su tarea de reportero gr\u00e1fico.<\/span><\/p>\n<p>&nbsp;<\/p>\n<div id='gallery-1' class='gallery galleryid-2416 gallery-columns-3 gallery-size-thumbnail'><figure class='gallery-item'>\n\t\t\t<div class='gallery-icon landscape'>\n\t\t\t\t<a href='https:\/\/www.fototallermg.com.ar\/?attachment_id=2995'><img loading=\"lazy\" decoding=\"async\" width=\"150\" height=\"150\" src=\"https:\/\/www.fototallermg.com.ar\/wp-content\/uploads\/2018\/03\/28428831_157067418341230_8750921949212835840_n-150x150.jpg\" class=\"attachment-thumbnail size-thumbnail\" alt=\"\" srcset=\"https:\/\/www.fototallermg.com.ar\/wp-content\/uploads\/2018\/03\/28428831_157067418341230_8750921949212835840_n-150x150.jpg 150w, https:\/\/www.fototallermg.com.ar\/wp-content\/uploads\/2018\/03\/28428831_157067418341230_8750921949212835840_n-50x50.jpg 50w\" sizes=\"auto, (max-width: 150px) 100vw, 150px\" \/><\/a>\n\t\t\t<\/div><\/figure><figure class='gallery-item'>\n\t\t\t<div class='gallery-icon landscape'>\n\t\t\t\t<a href='https:\/\/www.fototallermg.com.ar\/?attachment_id=2994'><img loading=\"lazy\" decoding=\"async\" width=\"150\" height=\"150\" src=\"https:\/\/www.fototallermg.com.ar\/wp-content\/uploads\/2018\/03\/26067660_2026898867550965_964023697557946368_n-150x150.jpg\" class=\"attachment-thumbnail size-thumbnail\" alt=\"\" srcset=\"https:\/\/www.fototallermg.com.ar\/wp-content\/uploads\/2018\/03\/26067660_2026898867550965_964023697557946368_n-150x150.jpg 150w, https:\/\/www.fototallermg.com.ar\/wp-content\/uploads\/2018\/03\/26067660_2026898867550965_964023697557946368_n-50x50.jpg 50w\" sizes=\"auto, (max-width: 150px) 100vw, 150px\" \/><\/a>\n\t\t\t<\/div><\/figure><figure class='gallery-item'>\n\t\t\t<div class='gallery-icon landscape'>\n\t\t\t\t<a href='https:\/\/www.fototallermg.com.ar\/?attachment_id=2993'><img loading=\"lazy\" decoding=\"async\" width=\"150\" height=\"150\" src=\"https:\/\/www.fototallermg.com.ar\/wp-content\/uploads\/2018\/03\/23823246_1189501237865556_4463437130487562240_n-150x150.jpg\" class=\"attachment-thumbnail size-thumbnail\" alt=\"\" srcset=\"https:\/\/www.fototallermg.com.ar\/wp-content\/uploads\/2018\/03\/23823246_1189501237865556_4463437130487562240_n-150x150.jpg 150w, https:\/\/www.fototallermg.com.ar\/wp-content\/uploads\/2018\/03\/23823246_1189501237865556_4463437130487562240_n-50x50.jpg 50w\" sizes=\"auto, (max-width: 150px) 100vw, 150px\" \/><\/a>\n\t\t\t<\/div><\/figure><figure class='gallery-item'>\n\t\t\t<div class='gallery-icon landscape'>\n\t\t\t\t<a href='https:\/\/www.fototallermg.com.ar\/?attachment_id=2992'><img loading=\"lazy\" decoding=\"async\" width=\"150\" height=\"150\" src=\"https:\/\/www.fototallermg.com.ar\/wp-content\/uploads\/2018\/03\/23734765_330280817452934_1898935874855370752_n-150x150.jpg\" class=\"attachment-thumbnail size-thumbnail\" alt=\"\" srcset=\"https:\/\/www.fototallermg.com.ar\/wp-content\/uploads\/2018\/03\/23734765_330280817452934_1898935874855370752_n-150x150.jpg 150w, https:\/\/www.fototallermg.com.ar\/wp-content\/uploads\/2018\/03\/23734765_330280817452934_1898935874855370752_n-50x50.jpg 50w\" sizes=\"auto, (max-width: 150px) 100vw, 150px\" \/><\/a>\n\t\t\t<\/div><\/figure><figure class='gallery-item'>\n\t\t\t<div class='gallery-icon landscape'>\n\t\t\t\t<a href='https:\/\/www.fototallermg.com.ar\/?attachment_id=2991'><img loading=\"lazy\" decoding=\"async\" width=\"150\" height=\"150\" src=\"https:\/\/www.fototallermg.com.ar\/wp-content\/uploads\/2018\/03\/23421261_1093675040735667_2628067304188936192_n-150x150.jpg\" class=\"attachment-thumbnail size-thumbnail\" alt=\"\" srcset=\"https:\/\/www.fototallermg.com.ar\/wp-content\/uploads\/2018\/03\/23421261_1093675040735667_2628067304188936192_n-150x150.jpg 150w, https:\/\/www.fototallermg.com.ar\/wp-content\/uploads\/2018\/03\/23421261_1093675040735667_2628067304188936192_n-50x50.jpg 50w\" sizes=\"auto, (max-width: 150px) 100vw, 150px\" \/><\/a>\n\t\t\t<\/div><\/figure><figure class='gallery-item'>\n\t\t\t<div class='gallery-icon landscape'>\n\t\t\t\t<a href='https:\/\/www.fototallermg.com.ar\/?attachment_id=2990'><img loading=\"lazy\" decoding=\"async\" width=\"150\" height=\"150\" src=\"https:\/\/www.fototallermg.com.ar\/wp-content\/uploads\/2018\/03\/23347427_130319621010338_88385607998373888_n-150x150.jpg\" class=\"attachment-thumbnail size-thumbnail\" alt=\"\" srcset=\"https:\/\/www.fototallermg.com.ar\/wp-content\/uploads\/2018\/03\/23347427_130319621010338_88385607998373888_n-150x150.jpg 150w, https:\/\/www.fototallermg.com.ar\/wp-content\/uploads\/2018\/03\/23347427_130319621010338_88385607998373888_n-50x50.jpg 50w\" sizes=\"auto, (max-width: 150px) 100vw, 150px\" \/><\/a>\n\t\t\t<\/div><\/figure><figure class='gallery-item'>\n\t\t\t<div class='gallery-icon landscape'>\n\t\t\t\t<a href='https:\/\/www.fototallermg.com.ar\/?attachment_id=2989'><img loading=\"lazy\" decoding=\"async\" width=\"150\" height=\"150\" src=\"https:\/\/www.fototallermg.com.ar\/wp-content\/uploads\/2018\/03\/19624472_1890205974637195_7416638269347069952_n-150x150.jpg\" class=\"attachment-thumbnail size-thumbnail\" alt=\"\" srcset=\"https:\/\/www.fototallermg.com.ar\/wp-content\/uploads\/2018\/03\/19624472_1890205974637195_7416638269347069952_n-150x150.jpg 150w, https:\/\/www.fototallermg.com.ar\/wp-content\/uploads\/2018\/03\/19624472_1890205974637195_7416638269347069952_n-50x50.jpg 50w\" sizes=\"auto, (max-width: 150px) 100vw, 150px\" \/><\/a>\n\t\t\t<\/div><\/figure>\n\t\t<\/div>\n\n","protected":false},"excerpt":{"rendered":"<p>Es un experimentado fot\u00f3grafo que desde 1998 se desempe\u00f1o en distintos \u00e1mbitos. En sus comienzos estudi\u00f3 fotograf\u00eda con Augusto Arturi, tambi\u00e9n realiz\u00f3 cursos de fotoperiodismo en la Universidad de Lomas de Zamora, fotograf\u00eda publicitaria en el Instituto Superior de Arte Fotogr\u00e1fico y particip\u00f3 de los talleres de ensayo fotogr\u00e1fico de Tony Valdez. Ha publicado su [&hellip;]<\/p>\n","protected":false},"author":1,"featured_media":2989,"parent":0,"menu_order":0,"comment_status":"closed","ping_status":"closed","template":"","meta":{"_joinchat":[],"footnotes":""},"class_list":["post-2416","page","type-page","status-publish","has-post-thumbnail","hentry"],"_links":{"self":[{"href":"https:\/\/www.fototallermg.com.ar\/index.php?rest_route=\/wp\/v2\/pages\/2416","targetHints":{"allow":["GET"]}}],"collection":[{"href":"https:\/\/www.fototallermg.com.ar\/index.php?rest_route=\/wp\/v2\/pages"}],"about":[{"href":"https:\/\/www.fototallermg.com.ar\/index.php?rest_route=\/wp\/v2\/types\/page"}],"author":[{"embeddable":true,"href":"https:\/\/www.fototallermg.com.ar\/index.php?rest_route=\/wp\/v2\/users\/1"}],"replies":[{"embeddable":true,"href":"https:\/\/www.fototallermg.com.ar\/index.php?rest_route=%2Fwp%2Fv2%2Fcomments&post=2416"}],"version-history":[{"count":3,"href":"https:\/\/www.fototallermg.com.ar\/index.php?rest_route=\/wp\/v2\/pages\/2416\/revisions"}],"predecessor-version":[{"id":2996,"href":"https:\/\/www.fototallermg.com.ar\/index.php?rest_route=\/wp\/v2\/pages\/2416\/revisions\/2996"}],"wp:featuredmedia":[{"embeddable":true,"href":"https:\/\/www.fototallermg.com.ar\/index.php?rest_route=\/wp\/v2\/media\/2989"}],"wp:attachment":[{"href":"https:\/\/www.fototallermg.com.ar\/index.php?rest_route=%2Fwp%2Fv2%2Fmedia&parent=2416"}],"curies":[{"name":"wp","href":"https:\/\/api.w.org\/{rel}","templated":true}]}}