{"id":2418,"date":"2018-03-13T14:39:34","date_gmt":"2018-03-13T17:39:34","guid":{"rendered":"http:\/\/www.fototallermg.com.ar\/?page_id=2418"},"modified":"2025-01-16T09:54:36","modified_gmt":"2025-01-16T12:54:36","slug":"iluminacion-practica","status":"publish","type":"page","link":"https:\/\/www.fototallermg.com.ar\/?page_id=2418","title":{"rendered":"Iluminaci\u00f3n Pr\u00e1ctica"},"content":{"rendered":"<p>\u00a0<\/p>\n<p><b>Taller de Iluminacion Practica<\/b>\u00a0<strong>Duraci\u00f3n: 2 meses \/ Abril \u2013 Mayo<\/strong><strong>8 Clases Frecuencia Semanal<\/strong><strong>D\u00eda y horario: Lunes 19 a 21hs<\/strong><br \/><strong>Docente: Fabi\u00e1n Bono<\/strong>\u00a0Luego de aprender a manejar nuestras c\u00e1maras, nuestra creatividad y atenci\u00f3n se focalizan delante de ella, buscando las imagenes, o creandolas.Sin lugar a dudas las mayores protagonistas son las luces y sombras que definen la imagen, nos crean ambientes y nos generan emociones.Los invitamos a recorrer las distintas alternativas de tecnicas que disponemos para crear nuestras iluminaciones de una manera simple y pr\u00e1ctica, siempre acompa\u00f1ada de tips y consejos para que puedan rapidamente ponerlos en practica en sus flujos de trabajo.\u00a0A trav\u00e9s de las clases, exploraremos desde los conceptos que fundamentan la iluminacion hasta las tecnicas de uso con distintos equipamientos, con esquemas simples y complejos, pasando por diferentes tipos de resultados y como obtenerlos.Todo lo que aprendan podran aplicarlo a sus trabajos mas alla del tipo de fotografia que realicen, ya que los principios de iluminacion aplican para todos ellos por igual.\u00a0En las clases veremos de una manera practica estos temas:<\/p>\n<ul>\n<li>Conocer las caracter\u00edsticas de la luz, direcci\u00f3n, intensidad, difusi\u00f3n, tipos de sombras e Iluminaciones.<\/li>\n<li>Configuraciones de camara,flashes y radios.<\/li>\n<li>Caracter\u00edsticas y usos de los modificadores de luz.<\/li>\n<li>Practicas con Una Luz y Multiples Fuentes de luz.<\/li>\n<li>Uso de luz continua.<\/li>\n<li>Practica Iluminacion en Exteriores.<\/li>\n<li>Ejemplos con Efectos con Iluminacion, geles de colores y correccion, lightpainting, etc.<\/li>\n<li>Pr\u00e1ctica general y Cierre del Taller.<\/li>\n<\/ul>\n<p>\u00a0###############################################################<b>\u00a0<\/b><b>Temario de Iluminacion Practica<\/b>\u00a0<u>Clase 1 07-ABR<\/u>\u00a0Introduccion al Taller.Caracter\u00edsticas y propiedades de la luzDin\u00e1mica de la Luz, propagacion y direccion.Luz suave y luz dura.El color en la luz.Ley del Cuadrado Inverso, o la p\u00e9rdida de intensidad de la luz.Aplicaci\u00f3n de la LCI en iluminaci\u00f3n por rebote.\u00a0<u>Clase 2 14-ABR<\/u>\u00a0Diferencias de temperatura y geles de correcci\u00f3n.Esquemas cl\u00e1sicos de iluminaci\u00f3n.Fuentes mixtas de iluminaci\u00f3n.Partes de C\u00e1mara involucradas con la iluminacion.Sistema de medicion, Fot\u00f3metro e Histograma.Exposici\u00f3n con iluminacion mixta, ambiente y flash.Sincronizaci\u00f3n de flash, HSS.Primera y segunda cortina.\u00a0<u>Clase 3 21-ABR<\/u>\u00a0Metodos de disparo, canales y grupos.Flash TTL.Difusores o modificadores de flashesModificadores en el flash de zapata.\u00a0<u>Clase 4 28-ABR<\/u>\u00a0Iluminaci\u00f3n con Una Luz.Pr\u00e1ctica de t\u00e9cnicas utilizando una sola fuente de luz.\u00a0<u>Clase 5 05-MAY<\/u>\u00a0Iluminaci\u00f3n con Varias Fuentes de Luz.Balance entre fuentes de luz.Creacion de clima.\u00a0\u00a0<u>Clase 6 11-MAY (Domingo mediodia)<\/u>\u00a0Iluminacion en Exteriores.Control de la luz solar.Balance de exposici\u00f3n entre luz ambiente y de flash.Uso de HSS.\u00a0<u>Clase 7 19-MAY<\/u>\u00a0Tecnicas adicionales de iluminacion.Mezcla luz continua y flash.Lightpainting.Exposicion multiple.\u00a0<u>Clase 8 26-MAY<\/u>\u00a0Practiga generalIluminacion de retratos y eventos.<\/p>\n<p>Resolucion de dudas.<\/p>\n<div id='gallery-1' class='gallery galleryid-2418 gallery-columns-3 gallery-size-thumbnail'><figure class='gallery-item'>\n\t\t\t<div class='gallery-icon landscape'>\n\t\t\t\t<a href='https:\/\/www.fototallermg.com.ar\/?attachment_id=2808'><img loading=\"lazy\" decoding=\"async\" width=\"150\" height=\"150\" src=\"https:\/\/www.fototallermg.com.ar\/wp-content\/uploads\/2018\/03\/20507757_342983902823843_1330048628198128997_o-150x150.jpg\" class=\"attachment-thumbnail size-thumbnail\" alt=\"\" srcset=\"https:\/\/www.fototallermg.com.ar\/wp-content\/uploads\/2018\/03\/20507757_342983902823843_1330048628198128997_o-150x150.jpg 150w, https:\/\/www.fototallermg.com.ar\/wp-content\/uploads\/2018\/03\/20507757_342983902823843_1330048628198128997_o-50x50.jpg 50w\" sizes=\"auto, (max-width: 150px) 100vw, 150px\" \/><\/a>\n\t\t\t<\/div><\/figure><figure class='gallery-item'>\n\t\t\t<div class='gallery-icon landscape'>\n\t\t\t\t<a href='https:\/\/www.fototallermg.com.ar\/?attachment_id=2815'><img loading=\"lazy\" decoding=\"async\" width=\"150\" height=\"150\" src=\"https:\/\/www.fototallermg.com.ar\/wp-content\/uploads\/2018\/03\/IMG_20170404_105834-150x150.jpg\" class=\"attachment-thumbnail size-thumbnail\" alt=\"\" srcset=\"https:\/\/www.fototallermg.com.ar\/wp-content\/uploads\/2018\/03\/IMG_20170404_105834-150x150.jpg 150w, https:\/\/www.fototallermg.com.ar\/wp-content\/uploads\/2018\/03\/IMG_20170404_105834-300x300.jpg 300w, https:\/\/www.fototallermg.com.ar\/wp-content\/uploads\/2018\/03\/IMG_20170404_105834-768x768.jpg 768w, https:\/\/www.fototallermg.com.ar\/wp-content\/uploads\/2018\/03\/IMG_20170404_105834-1024x1024.jpg 1024w, https:\/\/www.fototallermg.com.ar\/wp-content\/uploads\/2018\/03\/IMG_20170404_105834-1120x1120.jpg 1120w, https:\/\/www.fototallermg.com.ar\/wp-content\/uploads\/2018\/03\/IMG_20170404_105834-50x50.jpg 50w, https:\/\/www.fototallermg.com.ar\/wp-content\/uploads\/2018\/03\/IMG_20170404_105834.jpg 1564w\" sizes=\"auto, (max-width: 150px) 100vw, 150px\" \/><\/a>\n\t\t\t<\/div><\/figure><figure class='gallery-item'>\n\t\t\t<div class='gallery-icon landscape'>\n\t\t\t\t<a href='https:\/\/www.fototallermg.com.ar\/?attachment_id=2807'><img loading=\"lazy\" decoding=\"async\" width=\"150\" height=\"150\" src=\"https:\/\/www.fototallermg.com.ar\/wp-content\/uploads\/2018\/03\/20507328_10211775459916607_6941188017827734226_o-150x150.jpg\" class=\"attachment-thumbnail size-thumbnail\" alt=\"\" srcset=\"https:\/\/www.fototallermg.com.ar\/wp-content\/uploads\/2018\/03\/20507328_10211775459916607_6941188017827734226_o-150x150.jpg 150w, https:\/\/www.fototallermg.com.ar\/wp-content\/uploads\/2018\/03\/20507328_10211775459916607_6941188017827734226_o-50x50.jpg 50w\" sizes=\"auto, (max-width: 150px) 100vw, 150px\" \/><\/a>\n\t\t\t<\/div><\/figure><figure class='gallery-item'>\n\t\t\t<div class='gallery-icon landscape'>\n\t\t\t\t<a href='https:\/\/www.fototallermg.com.ar\/?attachment_id=2798'><img loading=\"lazy\" decoding=\"async\" width=\"150\" height=\"150\" src=\"https:\/\/www.fototallermg.com.ar\/wp-content\/uploads\/2018\/03\/IMG_20170908_093936-150x150.jpg\" class=\"attachment-thumbnail size-thumbnail\" alt=\"\" srcset=\"https:\/\/www.fototallermg.com.ar\/wp-content\/uploads\/2018\/03\/IMG_20170908_093936-150x150.jpg 150w, https:\/\/www.fototallermg.com.ar\/wp-content\/uploads\/2018\/03\/IMG_20170908_093936-300x300.jpg 300w, https:\/\/www.fototallermg.com.ar\/wp-content\/uploads\/2018\/03\/IMG_20170908_093936-768x768.jpg 768w, https:\/\/www.fototallermg.com.ar\/wp-content\/uploads\/2018\/03\/IMG_20170908_093936-1024x1024.jpg 1024w, https:\/\/www.fototallermg.com.ar\/wp-content\/uploads\/2018\/03\/IMG_20170908_093936-1120x1120.jpg 1120w, https:\/\/www.fototallermg.com.ar\/wp-content\/uploads\/2018\/03\/IMG_20170908_093936-50x50.jpg 50w, https:\/\/www.fototallermg.com.ar\/wp-content\/uploads\/2018\/03\/IMG_20170908_093936.jpg 1564w\" sizes=\"auto, (max-width: 150px) 100vw, 150px\" \/><\/a>\n\t\t\t<\/div><\/figure><figure class='gallery-item'>\n\t\t\t<div class='gallery-icon landscape'>\n\t\t\t\t<a href='https:\/\/www.fototallermg.com.ar\/?attachment_id=2812'><img loading=\"lazy\" decoding=\"async\" width=\"150\" height=\"150\" src=\"https:\/\/www.fototallermg.com.ar\/wp-content\/uploads\/2018\/03\/23826038_10212759751221256_8382417585468013616_o-150x150.jpg\" class=\"attachment-thumbnail size-thumbnail\" alt=\"\" srcset=\"https:\/\/www.fototallermg.com.ar\/wp-content\/uploads\/2018\/03\/23826038_10212759751221256_8382417585468013616_o-150x150.jpg 150w, https:\/\/www.fototallermg.com.ar\/wp-content\/uploads\/2018\/03\/23826038_10212759751221256_8382417585468013616_o-50x50.jpg 50w\" sizes=\"auto, (max-width: 150px) 100vw, 150px\" \/><\/a>\n\t\t\t<\/div><\/figure><figure class='gallery-item'>\n\t\t\t<div class='gallery-icon landscape'>\n\t\t\t\t<a href='https:\/\/www.fototallermg.com.ar\/?attachment_id=2801'><img loading=\"lazy\" decoding=\"async\" width=\"150\" height=\"150\" src=\"https:\/\/www.fototallermg.com.ar\/wp-content\/uploads\/2018\/03\/DSC9056-150x150.jpg\" class=\"attachment-thumbnail size-thumbnail\" alt=\"\" srcset=\"https:\/\/www.fototallermg.com.ar\/wp-content\/uploads\/2018\/03\/DSC9056-150x150.jpg 150w, https:\/\/www.fototallermg.com.ar\/wp-content\/uploads\/2018\/03\/DSC9056-50x50.jpg 50w\" sizes=\"auto, (max-width: 150px) 100vw, 150px\" \/><\/a>\n\t\t\t<\/div><\/figure><figure class='gallery-item'>\n\t\t\t<div class='gallery-icon landscape'>\n\t\t\t\t<a href='https:\/\/www.fototallermg.com.ar\/?attachment_id=2802'><img loading=\"lazy\" decoding=\"async\" width=\"150\" height=\"150\" src=\"https:\/\/www.fototallermg.com.ar\/wp-content\/uploads\/2018\/03\/DSC9066-150x150.jpg\" class=\"attachment-thumbnail size-thumbnail\" alt=\"\" srcset=\"https:\/\/www.fototallermg.com.ar\/wp-content\/uploads\/2018\/03\/DSC9066-150x150.jpg 150w, https:\/\/www.fototallermg.com.ar\/wp-content\/uploads\/2018\/03\/DSC9066-50x50.jpg 50w\" sizes=\"auto, (max-width: 150px) 100vw, 150px\" \/><\/a>\n\t\t\t<\/div><\/figure><figure class='gallery-item'>\n\t\t\t<div class='gallery-icon landscape'>\n\t\t\t\t<a href='https:\/\/www.fototallermg.com.ar\/?attachment_id=2804'><img loading=\"lazy\" decoding=\"async\" width=\"150\" height=\"150\" src=\"https:\/\/www.fototallermg.com.ar\/wp-content\/uploads\/2018\/03\/20170729_132436-150x150.jpg\" class=\"attachment-thumbnail size-thumbnail\" alt=\"\" srcset=\"https:\/\/www.fototallermg.com.ar\/wp-content\/uploads\/2018\/03\/20170729_132436-150x150.jpg 150w, https:\/\/www.fototallermg.com.ar\/wp-content\/uploads\/2018\/03\/20170729_132436-50x50.jpg 50w\" sizes=\"auto, (max-width: 150px) 100vw, 150px\" \/><\/a>\n\t\t\t<\/div><\/figure><figure class='gallery-item'>\n\t\t\t<div class='gallery-icon landscape'>\n\t\t\t\t<a href='https:\/\/www.fototallermg.com.ar\/?attachment_id=2805'><img loading=\"lazy\" decoding=\"async\" width=\"150\" height=\"150\" src=\"https:\/\/www.fototallermg.com.ar\/wp-content\/uploads\/2018\/03\/20170729_145744-150x150.jpg\" class=\"attachment-thumbnail size-thumbnail\" alt=\"\" srcset=\"https:\/\/www.fototallermg.com.ar\/wp-content\/uploads\/2018\/03\/20170729_145744-150x150.jpg 150w, https:\/\/www.fototallermg.com.ar\/wp-content\/uploads\/2018\/03\/20170729_145744-50x50.jpg 50w, https:\/\/www.fototallermg.com.ar\/wp-content\/uploads\/2018\/03\/20170729_145744-e1522081282622.jpg 11w\" sizes=\"auto, (max-width: 150px) 100vw, 150px\" \/><\/a>\n\t\t\t<\/div><\/figure><figure class='gallery-item'>\n\t\t\t<div class='gallery-icon landscape'>\n\t\t\t\t<a href='https:\/\/www.fototallermg.com.ar\/?attachment_id=2809'><img loading=\"lazy\" decoding=\"async\" width=\"150\" height=\"150\" src=\"https:\/\/www.fototallermg.com.ar\/wp-content\/uploads\/2018\/03\/22555417_10212503457974085_448990553572562231_o-150x150.jpg\" class=\"attachment-thumbnail size-thumbnail\" alt=\"\" srcset=\"https:\/\/www.fototallermg.com.ar\/wp-content\/uploads\/2018\/03\/22555417_10212503457974085_448990553572562231_o-150x150.jpg 150w, https:\/\/www.fototallermg.com.ar\/wp-content\/uploads\/2018\/03\/22555417_10212503457974085_448990553572562231_o-50x50.jpg 50w\" sizes=\"auto, (max-width: 150px) 100vw, 150px\" \/><\/a>\n\t\t\t<\/div><\/figure><figure class='gallery-item'>\n\t\t\t<div class='gallery-icon landscape'>\n\t\t\t\t<a href='https:\/\/www.fototallermg.com.ar\/?attachment_id=2810'><img loading=\"lazy\" decoding=\"async\" width=\"150\" height=\"150\" src=\"https:\/\/www.fototallermg.com.ar\/wp-content\/uploads\/2018\/03\/23130569_10214869186702133_5653983196189901640_n-150x150.jpg\" class=\"attachment-thumbnail size-thumbnail\" alt=\"\" srcset=\"https:\/\/www.fototallermg.com.ar\/wp-content\/uploads\/2018\/03\/23130569_10214869186702133_5653983196189901640_n-150x150.jpg 150w, https:\/\/www.fototallermg.com.ar\/wp-content\/uploads\/2018\/03\/23130569_10214869186702133_5653983196189901640_n-50x50.jpg 50w\" sizes=\"auto, (max-width: 150px) 100vw, 150px\" \/><\/a>\n\t\t\t<\/div><\/figure><figure class='gallery-item'>\n\t\t\t<div class='gallery-icon landscape'>\n\t\t\t\t<a href='https:\/\/www.fototallermg.com.ar\/?attachment_id=2811'><img loading=\"lazy\" decoding=\"async\" width=\"150\" height=\"150\" src=\"https:\/\/www.fototallermg.com.ar\/wp-content\/uploads\/2018\/03\/23467455_10212656496399950_4892849908094643383_o-150x150.jpg\" class=\"attachment-thumbnail size-thumbnail\" alt=\"\" srcset=\"https:\/\/www.fototallermg.com.ar\/wp-content\/uploads\/2018\/03\/23467455_10212656496399950_4892849908094643383_o-150x150.jpg 150w, https:\/\/www.fototallermg.com.ar\/wp-content\/uploads\/2018\/03\/23467455_10212656496399950_4892849908094643383_o-50x50.jpg 50w\" sizes=\"auto, (max-width: 150px) 100vw, 150px\" \/><\/a>\n\t\t\t<\/div><\/figure><figure class='gallery-item'>\n\t\t\t<div class='gallery-icon landscape'>\n\t\t\t\t<a href='https:\/\/www.fototallermg.com.ar\/?attachment_id=2813'><img loading=\"lazy\" decoding=\"async\" width=\"150\" height=\"150\" src=\"https:\/\/www.fototallermg.com.ar\/wp-content\/uploads\/2018\/03\/23826119_10212759755061352_243866969475712880_o-150x150.jpg\" class=\"attachment-thumbnail size-thumbnail\" alt=\"\" srcset=\"https:\/\/www.fototallermg.com.ar\/wp-content\/uploads\/2018\/03\/23826119_10212759755061352_243866969475712880_o-150x150.jpg 150w, https:\/\/www.fototallermg.com.ar\/wp-content\/uploads\/2018\/03\/23826119_10212759755061352_243866969475712880_o-50x50.jpg 50w\" sizes=\"auto, (max-width: 150px) 100vw, 150px\" \/><\/a>\n\t\t\t<\/div><\/figure><figure class='gallery-item'>\n\t\t\t<div class='gallery-icon landscape'>\n\t\t\t\t<a href='https:\/\/www.fototallermg.com.ar\/?attachment_id=2814'><img loading=\"lazy\" decoding=\"async\" width=\"150\" height=\"150\" src=\"https:\/\/www.fototallermg.com.ar\/wp-content\/uploads\/2018\/03\/23847461_10212759884464587_8420780090889056029_o-150x150.jpg\" class=\"attachment-thumbnail size-thumbnail\" alt=\"\" srcset=\"https:\/\/www.fototallermg.com.ar\/wp-content\/uploads\/2018\/03\/23847461_10212759884464587_8420780090889056029_o-150x150.jpg 150w, https:\/\/www.fototallermg.com.ar\/wp-content\/uploads\/2018\/03\/23847461_10212759884464587_8420780090889056029_o-50x50.jpg 50w\" sizes=\"auto, (max-width: 150px) 100vw, 150px\" \/><\/a>\n\t\t\t<\/div><\/figure>\n\t\t<\/div>\n\n","protected":false},"excerpt":{"rendered":"<p>\u00a0 Taller de Iluminacion Practica\u00a0Duraci\u00f3n: 2 meses \/ Abril \u2013 Mayo8 Clases Frecuencia SemanalD\u00eda y horario: Lunes 19 a 21hsDocente: Fabi\u00e1n Bono\u00a0Luego de aprender a manejar nuestras c\u00e1maras, nuestra creatividad y atenci\u00f3n se focalizan delante de ella, buscando las imagenes, o creandolas.Sin lugar a dudas las mayores protagonistas son las luces y sombras que definen [&hellip;]<\/p>\n","protected":false},"author":1,"featured_media":2808,"parent":0,"menu_order":0,"comment_status":"closed","ping_status":"closed","template":"","meta":{"_joinchat":[],"footnotes":""},"class_list":["post-2418","page","type-page","status-publish","has-post-thumbnail","hentry"],"_links":{"self":[{"href":"https:\/\/www.fototallermg.com.ar\/index.php?rest_route=\/wp\/v2\/pages\/2418","targetHints":{"allow":["GET"]}}],"collection":[{"href":"https:\/\/www.fototallermg.com.ar\/index.php?rest_route=\/wp\/v2\/pages"}],"about":[{"href":"https:\/\/www.fototallermg.com.ar\/index.php?rest_route=\/wp\/v2\/types\/page"}],"author":[{"embeddable":true,"href":"https:\/\/www.fototallermg.com.ar\/index.php?rest_route=\/wp\/v2\/users\/1"}],"replies":[{"embeddable":true,"href":"https:\/\/www.fototallermg.com.ar\/index.php?rest_route=%2Fwp%2Fv2%2Fcomments&post=2418"}],"version-history":[{"count":18,"href":"https:\/\/www.fototallermg.com.ar\/index.php?rest_route=\/wp\/v2\/pages\/2418\/revisions"}],"predecessor-version":[{"id":3634,"href":"https:\/\/www.fototallermg.com.ar\/index.php?rest_route=\/wp\/v2\/pages\/2418\/revisions\/3634"}],"wp:featuredmedia":[{"embeddable":true,"href":"https:\/\/www.fototallermg.com.ar\/index.php?rest_route=\/wp\/v2\/media\/2808"}],"wp:attachment":[{"href":"https:\/\/www.fototallermg.com.ar\/index.php?rest_route=%2Fwp%2Fv2%2Fmedia&parent=2418"}],"curies":[{"name":"wp","href":"https:\/\/api.w.org\/{rel}","templated":true}]}}